{"id":76,"date":"2017-10-26T19:08:08","date_gmt":"2017-10-26T19:08:08","guid":{"rendered":"http:\/\/lob-muss-weg.de\/?page_id=76"},"modified":"2021-01-26T18:59:52","modified_gmt":"2021-01-26T18:59:52","slug":"kontakt","status":"publish","type":"page","link":"https:\/\/gew-unterfranken.de\/?page_id=76","title":{"rendered":"Kontakt\/Impressum"},"content":{"rendered":"<h2>Gewerkschaft Erziehung und Wissenschaft Unterfranken<\/h2>\n<table style=\"height: 182px;\" width=\"577\" border=\"0\">\n<tbody>\n<tr>\n<td width=\"50%\" valign=\"top\">Vorsitzender<br \/>\nkomm. J\u00f6rg Nellen<br \/>\nNeutorstra\u00dfe 9<br \/>\n97070 W\u00fcrzburg<br \/>\nT 0049 931 29194129<br \/>\n<a href=\"mailto:http:\/\/joer&#103;&#046;n&#101;l&#108;e&#110;&#064;&#103;ew-u&#110;te&#114;f&#114;&#097;nk&#101;n.de\">&#106;oer&#103;.&#110;e&#108;&#108;e&#110;&#064;gew&#045;&#117;&#110;&#116;erfr&#097;n&#107;&#101;&#110;.de<\/a><\/td>\n<td width=\"50%\" valign=\"top\">Webmaster<br \/>\nReinhard Frankl,<br \/>\n<a href=\"mailto:http:\/\/&#119;eb&#109;&#097;&#115;&#116;e&#114;&#064;&#103;e&#119;-&#117;&#110;t&#101;&#114;&#102;&#114;a&#110;ken.&#100;&#101;\">&#119;&#101;b&#109;aste&#114;&#064;gew-&#117;&#110;te&#114;&#102;&#114;&#097;nk&#101;n&#046;de<\/a><\/td>\n<\/tr>\n<\/tbody>\n<\/table>\n<h2>Kontaktformular:<\/h2>\n<div role=\"form\" class=\"wpcf7\" id=\"wpcf7-f261-o1\" lang=\"de-DE\" dir=\"ltr\">\n<div class=\"screen-reader-response\"><p role=\"status\" aria-live=\"polite\" aria-atomic=\"true\"><\/p> <ul><\/ul><\/div>\n<form action=\"\/index.php?rest_route=%2Fwp%2Fv2%2Fpages%2F76#wpcf7-f261-o1\" method=\"post\" class=\"wpcf7-form init\" novalidate=\"novalidate\" data-status=\"init\">\n<div style=\"display: none;\">\n<input type=\"hidden\" name=\"_wpcf7\" value=\"261\" \/>\n<input type=\"hidden\" name=\"_wpcf7_version\" value=\"5.3.2\" \/>\n<input type=\"hidden\" name=\"_wpcf7_locale\" value=\"de_DE\" \/>\n<input type=\"hidden\" name=\"_wpcf7_unit_tag\" value=\"wpcf7-f261-o1\" \/>\n<input type=\"hidden\" name=\"_wpcf7_container_post\" value=\"0\" \/>\n<input type=\"hidden\" name=\"_wpcf7_posted_data_hash\" value=\"\" \/>\n<\/div>\n<p><label> Dein Name (Pflichtfeld)<br \/>\n    <span class=\"wpcf7-form-control-wrap your-name\"><input type=\"text\" name=\"your-name\" value=\"\" size=\"40\" class=\"wpcf7-form-control wpcf7-text wpcf7-validates-as-required\" aria-required=\"true\" aria-invalid=\"false\" \/><\/span> <\/label><\/p>\n<p><label> Deine E-Mail-Adresse (Pflichtfeld)<br \/>\n    <span class=\"wpcf7-form-control-wrap your-email\"><input type=\"email\" name=\"your-email\" value=\"\" size=\"40\" class=\"wpcf7-form-control wpcf7-text wpcf7-email wpcf7-validates-as-required wpcf7-validates-as-email\" aria-required=\"true\" aria-invalid=\"false\" \/><\/span> <\/label><\/p>\n<p><label> Betreff<br \/>\n    <span class=\"wpcf7-form-control-wrap your-subject\"><input type=\"text\" name=\"your-subject\" value=\"\" size=\"40\" class=\"wpcf7-form-control wpcf7-text\" aria-invalid=\"false\" \/><\/span> <\/label><\/p>\n<p><label> Deine Nachricht<br \/>\n    <span class=\"wpcf7-form-control-wrap your-message\"><textarea name=\"your-message\" cols=\"40\" rows=\"10\" class=\"wpcf7-form-control wpcf7-textarea\" aria-invalid=\"false\"><\/textarea><\/span> <\/label><\/p>\n<p><input type=\"submit\" value=\"Senden\" class=\"wpcf7-form-control wpcf7-submit\" \/><\/p>\n<div class=\"wpcf7-response-output\" aria-hidden=\"true\"><\/div><\/form><\/div>\n","protected":false},"excerpt":{"rendered":"<p>Gewerkschaft Erziehung und Wissenschaft Unterfranken Vorsitzender komm. J\u00f6rg Nellen Neutorstra\u00dfe 9 97070 W\u00fcrzburg T 0049 931 29194129 Webmaster Reinhard Frankl, Kontaktformular:<\/p>\n","protected":false},"author":2,"featured_media":0,"parent":0,"menu_order":0,"comment_status":"closed","ping_status":"closed","template":"","meta":[],"_links":{"self":[{"href":"https:\/\/gew-unterfranken.de\/index.php?rest_route=\/wp\/v2\/pages\/76"}],"collection":[{"href":"https:\/\/gew-unterfranken.de\/index.php?rest_route=\/wp\/v2\/pages"}],"about":[{"href":"https:\/\/gew-unterfranken.de\/index.php?rest_route=\/wp\/v2\/types\/page"}],"author":[{"embeddable":true,"href":"https:\/\/gew-unterfranken.de\/index.php?rest_route=\/wp\/v2\/users\/2"}],"replies":[{"embeddable":true,"href":"https:\/\/gew-unterfranken.de\/index.php?rest_route=%2Fwp%2Fv2%2Fcomments&post=76"}],"version-history":[{"count":13,"href":"https:\/\/gew-unterfranken.de\/index.php?rest_route=\/wp\/v2\/pages\/76\/revisions"}],"predecessor-version":[{"id":27256,"href":"https:\/\/gew-unterfranken.de\/index.php?rest_route=\/wp\/v2\/pages\/76\/revisions\/27256"}],"wp:attachment":[{"href":"https:\/\/gew-unterfranken.de\/index.php?rest_route=%2Fwp%2Fv2%2Fmedia&parent=76"}],"curies":[{"name":"wp","href":"https:\/\/api.w.org\/{rel}","templated":true}]}}